{"id":1132,"date":"2016-03-21T00:20:08","date_gmt":"2016-03-20T22:20:08","guid":{"rendered":"http:\/\/bimy.org.tr\/?page_id=1132"},"modified":"2017-03-10T18:53:53","modified_gmt":"2017-03-10T15:53:53","slug":"program","status":"publish","type":"page","link":"http:\/\/bimy.org.tr\/bimy23\/program\/","title":{"rendered":"Program"},"content":{"rendered":"<div class=\"content_container\">\n<div class=\"container\">\n<div style=\"position: absolute; left: 883px; top: 18px;\"><\/div>\n<div class=\"pro_date\">\n<table border=\"0\" width=\"100%\" cellspacing=\"0\" cellpadding=\"0\">\n<tbody>\n<tr>\n<td class=\"baslik_salon2\">Program G\u00fcncellenmektedir.<\/td>\n<\/tr>\n<\/tbody>\n<\/table>\n<\/div>\n<div class=\"pro_date\">\n<div class=\"baslik_satir_date\">\n<div class=\"baslik_icerik_date\">25 Mart CUMA 2016<\/div>\n<div class=\"baslik_salon\"><\/div>\n<\/div>\n<\/div>\n<div class=\"pro\" style=\"margin-top: 0px;\">\n<div class=\"baslik_satir\">\n<div class=\"baslik_saat\">09:00 &#8211; 10:30<\/div>\n<div class=\"baslik_icerik\">A\u00c7ILI\u015e konu\u015emalarI<\/div>\n<div class=\"baslik_salon\"><\/div>\n<\/div>\n<div class=\"icerik\">\n<div class=\"icerik_text\"><\/div>\n<div class=\"icerik_foto\">\n<div class=\"foto_container\">\n<div class=\"foto_1\"><img loading=\"lazy\" decoding=\"async\" src=\"..\/foto\/ilker-tabak2.jpg\" alt=\"ilker-tabak\" width=\"65\" height=\"80\" \/><\/div>\n<div class=\"foto_text\">\u0130. \u0130lker Tabak, TBD Y\u00f6netim Kurulu Ba\u015fkan\u0131<\/div>\n<\/div>\n<div class=\"foto_container\">\n<div class=\"foto_1\"><img loading=\"lazy\" decoding=\"async\" src=\"..\/foto\/yucel-bagriacik.jpg\" alt=\"ilker-tabak\" width=\"65\" height=\"80\" \/><\/div>\n<div class=\"foto_text\">Y\u00fccel Ba\u011fr\u0131a\u00e7\u0131k, Havelsan Siber G\u00fcvenlik ve Bili\u015fim Teknolojileri Genel M\u00fcd\u00fcr Yard\u0131mc\u0131s\u0131<\/div>\n<\/div>\n<div class=\"foto_container\">\n<div class=\"foto_1\"><img loading=\"lazy\" decoding=\"async\" src=\"..\/foto\/metin-cebeci.jpg\" alt=\"ilker-tabak\" width=\"65\" height=\"80\" \/><\/div>\n<div class=\"foto_text\">Metin Cebeci, Karel \u0130\u015f Geli\u015ftirme Direkt\u00f6r\u00fc<\/div>\n<\/div>\n<div class=\"foto_container\">\n<div class=\"foto_1\"><img loading=\"lazy\" decoding=\"async\" src=\"..\/foto\/ali-erhan-binici.jpg\" alt=\"ilker-tabak\" width=\"65\" height=\"80\" \/><\/div>\n<div class=\"foto_text\">Ali Erhan Binici, Ekonomi Klub\u00fc Ba\u015fkan\u0131<\/div>\n<\/div>\n<div class=\"foto_container\">\n<div class=\"foto_1\"><img loading=\"lazy\" decoding=\"async\" src=\"..\/foto\/ihsan-taser.jpg\" alt=\"ilker-tabak\" width=\"65\" height=\"80\" \/><\/div>\n<div class=\"foto_text\">M. \u0130hsan Ta\u015fer, M\u00fcsiad Bilgi Teknolojileri Sekt\u00f6r Kurulu Ba\u015fkan\u0131<\/div>\n<\/div>\n<div class=\"foto_container\">\n<div class=\"foto_1\"><img loading=\"lazy\" decoding=\"async\" src=\"..\/foto\/osman-avsaroglu.jpg\" alt=\"ilker-tabak\" width=\"65\" height=\"80\" \/><\/div>\n<div class=\"foto_text\">Osman Av\u015faro\u011flu, Antalya Ticaret ve Sanayi Odas\u0131 Y\u00f6netim Kurulu \u00dcyesi<\/div>\n<\/div>\n<div class=\"foto_container\">\n<div class=\"foto_1\"><img loading=\"lazy\" decoding=\"async\" src=\"..\/foto\/ensar-gul.jpg\" alt=\"ilker-tabak\" width=\"65\" height=\"80\" \/><\/div>\n<div class=\"foto_text\">Prof. Dr. Ensar G\u00fcl, T\u00fcrksat A.\u015e. Genel M\u00fcd\u00fcr\u00fc<\/div>\n<\/div>\n<div class=\"foto_container\">\n<div class=\"foto_1\"><img loading=\"lazy\" decoding=\"async\" src=\"..\/foto\/erol-gurpinar.jpg\" alt=\"ilker-tabak\" width=\"65\" height=\"80\" \/><\/div>\n<div class=\"foto_text\">Prof. Dr. Erol G\u00fcrp\u0131nar, Akdeniz \u00dcniversitesi Rekt\u00f6r Yrd.<\/div>\n<\/div>\n<\/div>\n<div style=\"font-size: 8px; color: #999; padding: 8px 0 0 5px;\"><\/div>\n<\/div>\n<\/div>\n<div style=\"clear: both;\"><\/div>\n<div class=\"pro\">\n<div class=\"baslik_satir\">\n<div class=\"baslik_saat\">10:45 &#8211; 12:00<\/div>\n<div class=\"baslik_icerik\">SANAY\u0130 4.0&#8217;DA ULUSAL DURUM: GE\u00c7\u0130\u015e M\u0130 KAYBOLU\u015e MU?<\/div>\n<div class=\"baslik_salon\"><\/div>\n<\/div>\n<div class=\"icerik\" style=\"position: relative;\">\n<div class=\"icerik_text\" style=\"padding-left: 0px;\">\n<p>D\u00f6rd\u00fcnc\u00fc Sanayi devrimi olarak g\u00f6r\u00fclen Sanayi 4.0, \u00fcretim ve otomasyonu bili\u015fim ve ileti\u015fim teknolojilerinin bir fonksiyonu haline getiren, i\u015f s\u00fcre\u00e7lerinde yatay entegrasyonu, veri kullan\u0131m\u0131nda Bulut\u2019a de\u011fin dikey veri al\u0131\u015f-veri\u015f modellerini kullanmay\u0131 \u00f6ng\u00f6ren yeni bir end\u00fcstri modeli. Verimlilik, istikrar, nitelik, y\u00fcksek ya\u015fam standartlar\u0131, ak\u0131ll\u0131 tasar\u0131m, b\u00fcy\u00fck veri, nesnelerin interneti gibi anahtar s\u00f6zc\u00fckleri olan bu model, \u015fu anda Almanya, ABD ve di\u011fer Avrupa \u00fclkelerinin \u00fczerinde odakland\u0131\u011f\u0131 konular\u0131n ba\u015f\u0131nda geliyor. Di\u011fer yandan Sanayi 4.0\u2019a \u00c7in\u2019in ucuz emek ve kopya edilmi\u015f bilgiye dayal\u0131 kitlesel \u00fcretiminin \u00f6n\u00fcne set \u00e7ekebilmek i\u00e7in bat\u0131 \u00fclkelerinin ki\u015fiye \u00f6zel nitelikli tasar\u0131m\u0131 \u00f6ne \u00e7\u0131kard\u0131\u011f\u0131 bir model olarak da bak\u0131labilir. \u00dcretimin neredeyse \u201c\u00fcret\u201d \u015feklinde bir yaz\u0131l\u0131m komutuna indirilece\u011fi Sanayi 4.0 i\u00e7in \u00fclkemizin sanayi ve bili\u015fim sekt\u00f6r\u00fcn\u00fcn konumunun ele al\u0131naca\u011f\u0131 bu oturumda sekt\u00f6r ve karar vericilerin vizyoner bak\u0131\u015flar\u0131yla \u00fcst\u00fcnl\u00fcklerimiz ve eksikliklerimiz ortaya konacak.<\/p>\n<p><strong>Moderat\u00f6r<\/strong><\/p>\n<table border=\"0\" width=\"100%\" cellspacing=\"0\" cellpadding=\"0\">\n<tbody>\n<tr class=\"icerik_text\">\n<td>\n<div class=\"foto_container\">\n<div class=\"foto_1\"><img loading=\"lazy\" decoding=\"async\" src=\"..\/foto\/galip-zerey.jpg\" alt=\"ilker-tabak\" width=\"65\" height=\"80\" \/><\/div>\n<div class=\"foto_text\">Galip Zerey, BTK Eski Kurul \u00dcyesi<\/div>\n<\/div>\n<\/td>\n<\/tr>\n<\/tbody>\n<\/table>\n<\/div>\n<div style=\"display: inline-block;\">\n<div class=\"foto_container\">\n<div class=\"foto_1\"><img loading=\"lazy\" decoding=\"async\" src=\"..\/foto\/harun-demir.jpg\" alt=\"ilker-tabak\" width=\"65\" height=\"80\" \/><\/div>\n<div class=\"foto_text\"><span style=\"padding-left: 0px;\">Harun Demir<\/span>, <span style=\"padding-left: 0px;\">Bilim, Sanayi ve Teknoloji Bakanl\u0131\u011f\u0131 Bakan Dan\u0131\u015fman<\/span><\/div>\n<\/div>\n<div class=\"foto_container\">\n<div class=\"foto_1\"><img loading=\"lazy\" decoding=\"async\" src=\"..\/foto\/yavuz-cabbar.jpg\" alt=\"ilker-tabak\" width=\"65\" height=\"80\" \/><\/div>\n<div class=\"foto_text\">Yavuz Cabbar, ASO Genel Sekreteri<\/div>\n<\/div>\n<div class=\"foto_container\">\n<div class=\"foto_1\"><img loading=\"lazy\" decoding=\"async\" src=\"..\/foto\/huseyin-halici.jpg\" alt=\"ilker-tabak\" width=\"65\" height=\"80\" \/><\/div>\n<div class=\"foto_text\">H\u00fcseyin Hal\u0131c\u0131, End\u00fcstriyel Otomasyon Sanayicileri Derne\u011fi Ba\u015fkan\u0131<\/div>\n<\/div>\n<div class=\"foto_container\">\n<div class=\"foto_1\"><img loading=\"lazy\" decoding=\"async\" src=\"..\/foto\/ihsan-taser.jpg\" alt=\"ilker-tabak\" width=\"65\" height=\"80\" \/><\/div>\n<div class=\"foto_text\">M. \u0130hsan Ta\u015fer, M\u00fcsiad Bilgi Teknolojileri Sekt\u00f6r Kurulu Ba\u015fkan\u0131 &#8211; Medyasoft Dan\u0131\u015fmanl\u0131k ve E\u011fitim A.\u015e. Genel M\u00fcd\u00fcr\u00fc<\/div>\n<\/div>\n<\/div>\n<\/div>\n<\/div>\n<div class=\"pro\">\n<div class=\"baslik_satir\">\n<div class=\"baslik_saat\">12:00 &#8211; 12:30<\/div>\n<div class=\"baslik_icerik\">\u00c7A\u011eRILI KONU\u015eMACI<\/div>\n<div class=\"baslik_salon\"><\/div>\n<\/div>\n<div class=\"icerik\" style=\"position: relative;\">\n<div class=\"icerik_text\" style=\"padding-left: 0px;\"><img decoding=\"async\" class=\"poster\" src=\"http:\/\/bimy.org.tr\/bimy23\/wp-content\/uploads\/2016\/03\/TBDbimy23_Ongun_Tan-600x350.jpg\" alt=\"\" \/><\/div>\n<\/div>\n<\/div>\n<\/div>\n<div><\/div>\n<\/div>\n<div class=\"pro\">\n<div class=\"baslik_satir\">\n<div class=\"baslik_saat\">13:00 &#8211; 14:00<\/div>\n<div class=\"baslik_icerik\">YEMEK ARASI<\/div>\n<div class=\"baslik_salon\"><\/div>\n<\/div>\n<\/div>\n<div class=\"pro\">\n<div class=\"baslik_satir\">\n<div class=\"baslik_saat\">14:00 &#8211; 15:20<\/div>\n<div class=\"baslik_icerik\">SANAY\u0130 4.0&#8217;DA ULUSAL FIRSAT PENCERELER\u0130<\/div>\n<div class=\"baslik_salon\"><\/div>\n<\/div>\n<div class=\"icerik\" style=\"position: relative;\">\n<div class=\"icerik_text\" style=\"padding-left: 0px;\">\n<p>Sanayi 4.0\u2019la robot, yapay zeka, sens\u00f6r teknolojileri, nesnelerin interneti b\u00fcy\u00fck veri analiti\u011fi ve ki\u015fiye \u00f6zel tasar\u0131m\u0131n \u00f6nemi artacak. Bu oturumda, Sanayi 4.0&#8217;\u0131n \u00f6ne \u00e7\u0131kan \u00f6zelliklerini ba\u015fta savunma sanayi, tekstil, enerji, e\u011fitim ve makine sekt\u00f6rlerinde olmak \u00fczere tart\u0131\u015f\u0131p, \u00fclkemizin k\u00fcresel de\u011fer zincirlerlerine entegrasyonundaki yeni f\u0131rsatlar\u0131 konu\u015faca\u011f\u0131z.<\/p>\n<p><strong>Sunum: <\/strong>\u00d6nce Dijitalle\u015fme, Kamuda B\u00fcy\u00fck Veri Analizi<\/p>\n<table border=\"0\" width=\"100%\" cellspacing=\"0\" cellpadding=\"0\">\n<tbody>\n<tr class=\"icerik_text\">\n<td>\n<div class=\"foto_container\">\n<div class=\"foto_1\"><img loading=\"lazy\" decoding=\"async\" src=\"..\/foto\/sadettin-kaya.jpg\" alt=\"ilker-tabak\" width=\"65\" height=\"80\" \/><\/div>\n<div class=\"foto_text\">Sadettin Kaya, Ba\u015fbakanl\u0131k Elektronik Kamu Bilgi Y\u00f6netim Sistemi Koordinat\u00f6r\u00fc<\/div>\n<\/div>\n<\/td>\n<\/tr>\n<\/tbody>\n<\/table>\n<p><strong>Moderat\u00f6r<\/strong><\/p>\n<table border=\"0\" width=\"100%\" cellspacing=\"0\" cellpadding=\"0\">\n<tbody>\n<tr class=\"icerik_text\">\n<td>\n<div class=\"foto_container\">\n<div class=\"foto_1\"><img loading=\"lazy\" decoding=\"async\" src=\"..\/foto\/mustafa-alkan.jpg\" alt=\"ilker-tabak\" width=\"65\" height=\"80\" \/><\/div>\n<div class=\"foto_text\">Prof. Dr. Mustafa Alkan, Gazi \u00dc. Elektrik-Elektronik B\u00f6l. B\u015fk.<\/div>\n<\/div>\n<\/td>\n<\/tr>\n<\/tbody>\n<\/table>\n<\/div>\n<div style=\"display: inline-block;\">\n<div class=\"foto_container\">\n<div class=\"foto_1\"><img loading=\"lazy\" decoding=\"async\" src=\"..\/foto\/ali-riza-ersoy.jpg\" alt=\"ilker-tabak\" width=\"65\" height=\"80\" \/><\/div>\n<div class=\"foto_text\"><span style=\"padding-left: 0px;\">Ali R\u0131za Ersoy, Siemens T\u00fcrkiye Genel M\u00fcd\u00fcr Yard\u0131mc\u0131s\u0131<\/span><\/div>\n<\/div>\n<div class=\"foto_container\">\n<div class=\"foto_1\"><img loading=\"lazy\" decoding=\"async\" src=\"..\/foto\/tolga-avsar.jpg\" alt=\"ilker-tabak\" width=\"65\" height=\"80\" \/><\/div>\n<div class=\"foto_text\"><span style=\"padding-left: 0px;\">\u00c7a\u011fr\u0131 Tolga Av\u015far, Scheer T\u00fcrkiye Genel M\u00fcd\u00fcr\u00fc<\/span><\/div>\n<\/div>\n<div class=\"foto_container\">\n<div class=\"foto_1\"><img loading=\"lazy\" decoding=\"async\" src=\"..\/foto\/ugur-coskun.jpg\" alt=\"ilker-tabak\" width=\"65\" height=\"80\" \/><\/div>\n<div class=\"foto_text\"><span style=\"padding-left: 0px;\">U\u011fur Co\u015fkun, B\u0130TES Ceo<\/span><\/div>\n<\/div>\n<div class=\"foto_container\">\n<div class=\"foto_1\"><img loading=\"lazy\" decoding=\"async\" src=\"..\/foto\/ussal-sahbaz.jpg\" alt=\"ilker-tabak\" width=\"65\" height=\"80\" \/><\/div>\n<div class=\"foto_text\"><span style=\"padding-left: 0px;\">Ussal \u015eahbaz, GE T\u00fcrkiye \u0130novasyon Merkezi Lideri<\/span><\/div>\n<\/div>\n<\/div>\n<div><\/div>\n<\/div>\n<\/div>\n<div class=\"pro\">\n<div class=\"baslik_satir\">\n<div class=\"baslik_saat\">15:30 &#8211; 16:00<\/div>\n<div class=\"baslik_icerik\">&#8220;P\u0130\u015e\u0130R\u0130RKEN P\u0130\u015eMEK&#8221;<\/div>\n<div class=\"baslik_salon\"><\/div>\n<\/div>\n<div class=\"icerik\">\n<div class=\"icerik_text\">\n<div class=\"icerik\" style=\"position: relative;\">\n<p><!--\n\n\n<div style=\"position: absolute; left: -72px; top: -20px; z-index:10000 !important;\"><img loading=\"lazy\" decoding=\"async\" style=\"z-index:10000 !important;\" src=\"images\/broaderway.png\" width=\"144\" height=\"115\" alt=\"broaderway\" \/><\/div>\n\n\n--><\/p>\n<div class=\"icerik_text\" style=\"padding-left: 0px;\"><img decoding=\"async\" class=\"poster\" src=\"http:\/\/bimy.org.tr\/bimy23\/wp-content\/uploads\/2016\/03\/Melih-Arat-600x350.jpg\" alt=\"\" \/><\/div>\n<\/div>\n<\/div>\n<\/div>\n<\/div>\n<div class=\"pro\">\n<div class=\"baslik_satir\">\n<div class=\"baslik_saat\">16:00 &#8211; 16:45<\/div>\n<div class=\"baslik_icerik\">REKABET ORTAMINDA TAKIM \u00c7ALI\u015eMALARI<\/div>\n<div class=\"baslik_salon\"><\/div>\n<\/div>\n<\/div>\n<div class=\"container\">\n<p><!--\n\n\n<div class=\"row stickem-container\">\n\n\n<div style=\"position: absolute; left: 883px; top: 50px;\">\n\n\n<div class=\"aside stickem\"><img loading=\"lazy\" decoding=\"async\" src=\"images\/cumartesi.png\" width=\"50\" height=\"50\" \/><\/div>\n\n\n<\/div>\n\n\n--><\/p>\n<div class=\"pro_date\">\n<div class=\"baslik_satir_date\">\n<div class=\"baslik_icerik_date\">26 MART CUMARTES\u0130 2016<\/div>\n<div class=\"baslik_salon\"><\/div>\n<\/div>\n<\/div>\n<div class=\"pro\">\n<div class=\"baslik_satir\">\n<div class=\"baslik_saat\">09:00 &#8211; 09:30<\/div>\n<div class=\"baslik_icerik\">&#8220;SERBEST K\u00dcRS\u00dc&#8221;<\/div>\n<div class=\"baslik_salon\"><\/div>\n<\/div>\n<div class=\"icerik\">\n<div class=\"icerik_text\">\n<div class=\"icerik\" style=\"position: relative;\">\n<p><!--\n\n\n<div style=\"position: absolute; left: -72px; top: -20px; z-index:10000 !important;\"><img loading=\"lazy\" decoding=\"async\" style=\"z-index:10000 !important;\" src=\"images\/broaderway.png\" width=\"144\" height=\"115\" alt=\"broaderway\" \/><\/div>\n\n\n--><\/p>\n<div class=\"icerik_text\" style=\"padding-left: 0px;\"><img decoding=\"async\" class=\"poster\" src=\"http:\/\/bimy.org.tr\/bimy23\/wp-content\/uploads\/2016\/03\/TBDbimy23_Ugur_Can_Bastik-600x3502.jpg\" alt=\"\" \/><\/div>\n<\/div>\n<\/div>\n<\/div>\n<\/div>\n<div class=\"pro\">\n<div class=\"baslik_satir\">\n<div class=\"baslik_saat\">09:30 &#8211; 10:45<\/div>\n<div class=\"baslik_icerik\">GELECEK NASIL \u015eEK\u0130LLENECEK?<\/div>\n<div class=\"baslik_salon\"><\/div>\n<\/div>\n<div class=\"icerik\">\n<div class=\"icerik_text\">\n<p>Yak\u0131n gelecekte birey-toplum, vatanda\u015f-devlet, e\u011fitim, e\u011flence ve hizmet al\u0131\u015f-veri\u015f ili\u015fkileri tamamen de\u011fi\u015fecek. Nesne-Nesne \u0130nternet a\u011f\u0131 (2N\u0130), Nesne-\u0130nsan \u0130nternet a\u011f\u0131 (2\u0130N) ve \u0130nsan-\u0130nsan \u0130nternet a\u011f\u0131 (3\u0130) birle\u015ferek \u0130nsan Nesne \u0130nternet a\u011f\u0131n\u0131 (\u0130N\u0130) olu\u015fturacak. Bir s\u00fcre sonra bir internet adresinin insan ya da nesne oldu\u011funun \u00f6nemi kalmayacak; \u00e7\u00fcnk\u00fc y\u00f6neten ve y\u00f6netilen olarak nesneler insanlar ad\u0131na karar verebilecek hale gelecekler. Peki ba\u015fka neler olacak? Her\u015fey insan lehine mi geli\u015fecek? Sorular\u0131n cevaplar\u0131 bu panelde yer alacak.<\/p>\n<p><strong>Moderat\u00f6r<\/strong><\/p>\n<table border=\"0\" width=\"100%\" cellspacing=\"0\" cellpadding=\"0\">\n<tbody>\n<tr class=\"icerik_text\">\n<td>\n<div class=\"foto_container\">\n<div class=\"foto_1\"><img loading=\"lazy\" decoding=\"async\" src=\"..\/foto\/aykut-dalyan.jpg\" alt=\"ilker-tabak\" width=\"65\" height=\"80\" \/><\/div>\n<div class=\"foto_text\">Aykut Dalyan, Turkcell Kamu Sekt\u00f6r\u00fc \u0130\u015f Geli\u015ftirme ve Marka M\u00fcd\u00fcr\u00fc<\/div>\n<\/div>\n<\/td>\n<\/tr>\n<\/tbody>\n<\/table>\n<\/div>\n<div style=\"display: inline-block;\">\n<div class=\"foto_container\">\n<div class=\"foto_1\"><img loading=\"lazy\" decoding=\"async\" src=\"..\/foto\/ali-erhan-binici.jpg\" alt=\"ilker-tabak\" width=\"65\" height=\"80\" \/><\/div>\n<div class=\"foto_text\">Ali Erhan Binici, Ankaref Genel M\u00fcd\u00fcr\u00fc<\/div>\n<\/div>\n<div class=\"foto_container\">\n<div class=\"foto_1\"><img loading=\"lazy\" decoding=\"async\" src=\"..\/foto\/volkan-kadem.jpg\" alt=\"ilker-tabak\" width=\"65\" height=\"80\" \/><\/div>\n<div class=\"foto_text\">Volkan Kadem, T\u00fcrk Telekom Mobil Servisler Pazarlama Grup M\u00fcd\u00fcr\u00fc<\/div>\n<\/div>\n<div class=\"foto_container\">\n<div class=\"foto_1\"><img loading=\"lazy\" decoding=\"async\" src=\"..\/foto\/osman-kurt.jpg\" alt=\"ilker-tabak\" width=\"65\" height=\"80\" \/><\/div>\n<div class=\"foto_text\">Osman Kurt, Hazar Strateji Enstit\u00fcs\u00fc Medya \u0130li\u015fkileri ve Dijital Medya Koordinat\u00f6r\u00fc<\/div>\n<\/div>\n<div class=\"foto_container\">\n<div class=\"foto_1\"><img loading=\"lazy\" decoding=\"async\" src=\"..\/foto\/goksel-durkaya.jpg\" alt=\"ilker-tabak\" width=\"65\" height=\"80\" \/><\/div>\n<div class=\"foto_text\">Yrd. Do\u00e7. Dr. G\u00f6ksel Durkaya, At\u0131l\u0131m \u00dcniversitesi Metalurji ve Malzeme M\u00fchendisli\u011fi B\u00f6l\u00fcm\u00fc<\/div>\n<\/div>\n<div class=\"foto_container\">\n<div class=\"foto_1\"><img loading=\"lazy\" decoding=\"async\" src=\"..\/foto\/halil-yesilcimen.jpg\" alt=\"ilker-tabak\" width=\"65\" height=\"80\" \/><\/div>\n<div class=\"foto_text\">Dr. Halil Ye\u015fil\u00e7imen, T\u00fcrksat A.\u015e. Genel M\u00fcd\u00fcr Yrd.<\/div>\n<\/div>\n<\/div>\n<div><\/div>\n<\/div>\n<\/div>\n<div class=\"pro\">\n<div class=\"baslik_satir\">\n<div class=\"baslik_saat\">11:00-11:30<\/div>\n<div class=\"baslik_icerik\">API Y\u00f6netimi: Sanayi 4.0\u2019in Anahtar\u0131<\/div>\n<div class=\"baslik_salon\"><\/div>\n<\/div>\n<div class=\"icerik\">\n<div class=\"icerik_text\">\n<div class=\"icerik\" style=\"position: relative;\"><!--\n\n\n<div style=\"position: absolute; left: -72px; top: -20px; z-index:10000 !important;\"><img loading=\"lazy\" decoding=\"async\" style=\"z-index:10000 !important;\" src=\"images\/broaderway.png\" width=\"144\" height=\"115\" alt=\"broaderway\" \/><\/div>\n\n\n--><\/p>\n<div class=\"icerik_text\" style=\"padding-left: 0px;\">\n<p>Dijital D\u00f6n\u00fc\u015f\u00fcm \u00e7er\u00e7evesinde, kurumlar\u0131n b\u00fcnyelerindeki \u00e7e\u015fitli IT yeteneklerini ve veri kaynaklar\u0131n\u0131 kontrol edilebilir, g\u00fcvenilir ve gelire d\u00f6n\u00fc\u015ft\u00fcr\u00fcl\u00fclebilir \u015fekilde d\u0131\u015f d\u00fcnyaya a\u00e7ma ihtiya\u00e7lar\u0131 g\u00fcnden g\u00fcne artmakta. Bunun ger\u00e7ekle\u015ftirilebilmesi i\u00e7in d\u0131\u015f d\u00fcnyaya a\u00e7\u0131lan bir kap\u0131 olan API Manager, var olan sistemlerin \u00fczerine standartlar\u0131 sa\u011flayan bir katman olarak konumlanmaktad\u0131r. API Manager, kurulu\u015fun hem var olan yeteneklerini ve verilerini mobil ve web tabanl\u0131 uygulama geli\u015ftiricilerine kolay bir ortam sunarak geli\u015ftirilen uygulamalarla m\u00fc\u015fteri memnuniyetinin artmas\u0131, yeni gelir ak\u0131mlar\u0131n\u0131n olu\u015fturulmas\u0131 ve i\u015fletim maliyetlerinin d\u00fc\u015f\u00fcr\u00fclmesini sa\u011flamakta, hem de kurulu\u015fun bu kullan\u0131mlar\u0131 ve uygulamalar\u0131 y\u00f6netmesi, s\u0131n\u0131rland\u0131rmas\u0131 ve kontrol etmesini sa\u011flamaktad\u0131r.<\/p>\n<table border=\"0\" width=\"100%\" cellspacing=\"0\" cellpadding=\"0\">\n<tbody>\n<tr class=\"icerik_text\">\n<td>\n<div class=\"foto_container\">\n<div class=\"foto_1\"><img loading=\"lazy\" decoding=\"async\" src=\"..\/foto\/ilhan-bagoren.jpg\" alt=\"ilker-tabak\" width=\"65\" height=\"80\" \/><\/div>\n<div class=\"foto_text\">\u0130lhan Ba\u011f\u00f6ren, Telenity CEO<\/div>\n<\/div>\n<\/td>\n<\/tr>\n<\/tbody>\n<\/table>\n<\/div>\n<\/div>\n<\/div>\n<\/div>\n<\/div>\n<div class=\"pro\">\n<div class=\"baslik_satir\">\n<div class=\"baslik_saat\">11:30-13:00<\/div>\n<div class=\"baslik_icerik\">NEY\u0130 YAPMALI, NEY\u0130 YAPMAMALI?<\/div>\n<div class=\"baslik_salon\"><\/div>\n<\/div>\n<div class=\"icerik\" style=\"position: relative;\">\n<div class=\"icerik_text\" style=\"padding-left: 0px;\">\n<p>Sanayi 4.0 \u00fczerinde \u00e7al\u0131\u015fan \u00fclkelerde konuya \u00f6zel pek \u00e7ok \u00e7al\u0131\u015fma gruplar\u0131 kuruluyor. Standartlar, Ar-Ge, internet g\u00fcvenli\u011fi, hukuk ve ya\u015fam boyu e\u011fitim en s\u0131k kar\u015f\u0131la\u015f\u0131lan \u00e7al\u0131\u015fma gruplar\u0131ndan. Her \u00fclke kendine g\u00f6re strateji belgeleri olu\u015fturuyor, yasa ve y\u00f6netmelikler \u00fczerinde tart\u0131\u015f\u0131yor, yat\u0131r\u0131m ve te\u015fviklerini y\u00f6nlendiriyor. Biz ne yapaca\u011f\u0131z, nereden ba\u015flayaca\u011f\u0131z, neleri g\u00f6z \u00f6n\u00fcne al\u0131p g\u00fc\u00e7lerimizi bir noktada toplayarak nas\u0131l organize olaca\u011f\u0131z? Sanayi 4.0 ba\u011flam\u0131nda \u00fclke kalk\u0131nma hedeflerine ula\u015fmada yapmam\u0131z ve yapmamam\u0131z gerekenler bu oturumda masaya yat\u0131r\u0131lacak.<\/p>\n<p>Moderat\u00f6r<\/p>\n<table border=\"0\" width=\"100%\" cellspacing=\"0\" cellpadding=\"0\">\n<tbody>\n<tr class=\"icerik_text\">\n<td>\n<div class=\"foto_container\">\n<div class=\"foto_1\"><img loading=\"lazy\" decoding=\"async\" src=\"..\/foto\/tayfun-ararer.jpg\" alt=\"ilker-tabak\" width=\"65\" height=\"80\" \/><\/div>\n<div class=\"foto_text\"><span class=\"foto_text\" style=\"padding-left: 0px;\">Tayfun Acarer<\/span>, BTK Eski Ba\u015fkan\u0131<\/div>\n<\/div>\n<\/td>\n<\/tr>\n<\/tbody>\n<\/table>\n<\/div>\n<div style=\"display: inline-block;\">\n<div class=\"foto_container\">\n<div class=\"foto_1\"><img loading=\"lazy\" decoding=\"async\" src=\"..\/foto\/aydin-koksal.jpg\" alt=\"ilker-tabak\" width=\"65\" height=\"80\" \/><\/div>\n<div class=\"foto_text\">Prof.Dr. Ayd\u0131n K\u00f6ksal, TBD Onursal Ba\u015fkan\u0131<\/div>\n<\/div>\n<div class=\"foto_container\">\n<div class=\"foto_1\"><img loading=\"lazy\" decoding=\"async\" src=\"..\/foto\/cengiz-ultav.jpg\" alt=\"ilker-tabak\" width=\"65\" height=\"80\" \/><\/div>\n<div class=\"foto_text\">Cengiz Ultav, TTGV Ba\u015fkan\u0131<\/div>\n<\/div>\n<div class=\"foto_container\">\n<div class=\"foto_1\"><img loading=\"lazy\" decoding=\"async\" src=\"..\/foto\/hilmi-develi.jpg\" alt=\"ilker-tabak\" width=\"65\" height=\"80\" \/><\/div>\n<div class=\"foto_text\">Hilmi Develi, D\u00fcnya Gazetesi K\u00f6\u015fe Yazar\u0131<\/div>\n<\/div>\n<\/div>\n<\/div>\n<\/div>\n<\/div>\n<div class=\"pro\">\n<div class=\"baslik_satir\">\n<div class=\"baslik_saat\">13:00 &#8211; 14:00<\/div>\n<div class=\"baslik_icerik\">yemek aras\u0131<\/div>\n<div class=\"baslik_salon\"><\/div>\n<\/div>\n<\/div>\n<div class=\"pro\">\n<div class=\"baslik_satir\">\n<div class=\"baslik_saat\">14:00 &#8211; 14:30<\/div>\n<div class=\"baslik_icerik\">B\u0130l\u0130\u015e\u0130mle KalkInmada Sanay\u0130 4.0<\/div>\n<div class=\"baslik_salon\"><\/div>\n<\/div>\n<div class=\"icerik\"><\/div>\n<\/div>\n<div class=\"pro\">\n<div class=\"baslik_satir\">\n<div class=\"baslik_saat\">14.35 &#8211; 16:00<\/div>\n<div class=\"baslik_icerik\">\u015e\u0130MD\u0130 HAREKET ZAMANI<\/div>\n<div class=\"baslik_salon\"><\/div>\n<\/div>\n<div class=\"icerik\">\n<div class=\"icerik_text\"><!--<span>\nBilginin anl\u0131k de\u011ferlendirilerek ve i\u015flenerek her alanda verimlili\u011fin art\u0131r\u0131lmas\u0131ndan, b\u00fcy\u00fck verilerin birle\u015ferek yeni katma de\u011ferler yaratacak yepyeni verileri olu\u015fturmas\u0131 d\u00f6nemine gidiyoruz. B\u00fcy\u00fck \u015firketlerden, devletlere kadar t\u00fcm kurumsal yap\u0131lar b\u00fcy\u00fck verinin cazibe alan\u0131na girecek. T\u00fcrkiye\u2019 de B\u00fcy\u00fck Veri\u2019 nin gelece\u011fi ne olacak, Kamu\u2019 nun bu konuda gelecek \u00f6ng\u00f6r\u00fcleri ve haz\u0131rl\u0131klar\u0131 nelerdir?\n<\/span>--><\/div>\n<div class=\"icerik\" style=\"position: relative;\">\n<p><!--\n\n\n<div style=\"position: absolute; left: -72px; top: -20px; z-index:10000 !important;\"><img loading=\"lazy\" decoding=\"async\" style=\"z-index:10000 !important;\" src=\"images\/broaderway.png\" width=\"144\" height=\"115\" alt=\"broaderway\" \/><\/div>\n\n\n--><\/p>\n<div class=\"icerik_text\" style=\"padding-left: 0px;\">\n<p>Planlar\u0131 de\u011fi\u015ftiriyoruz. Sanayi 4.0\u2019a yerli otomobil \u00fcretimiyle giriyoruz. Otomobil \u00fcretimi, robotik, b\u00fcy\u00fck veri, sens\u00f6rler, yaz\u0131l\u0131m, motor gibi Sanayi 4.0\u2019\u0131n b\u00fct\u00fcn bile\u015fenlerini kaps\u0131yor ve ekonomide kald\u0131ra\u00e7 etkisi yarat\u0131yor. Kalitemize, niteli\u011fimize, yaz\u0131l\u0131mc\u0131m\u0131za, tasar\u0131mc\u0131m\u0131za, i\u015f\u00e7imize g\u00fcveniyoruz. \u00d6yleyse g\u00fc\u00e7l\u00fc oldu\u011fumuz bu sekt\u00f6rde geli\u015fmek ve markala\u015fmak bizi Sanayi 4.0\u2019a ta\u015f\u0131yacakt\u0131r. Sanayi 4.0 ki\u015fiye \u00f6zel \u00fcretimi hedefliyor. Bunun sa\u011fl\u0131ktaki kar\u015f\u0131l\u0131\u011f\u0131 \u201cHastal\u0131k yok hasta var\u201d anlay\u0131\u015f\u0131. Sa\u011fl\u0131k sekt\u00f6r\u00fcm\u00fcz g\u00fcnden g\u00fcne geli\u015fiyor ve t\u00fcm d\u00fcnyaya hizmet veriyor. \u00d6yleyse bizi gelece\u011fe ta\u015f\u0131yacak sekt\u00f6rlerden birisi de Sa\u011fl\u0131k sekt\u00f6r\u00fc\u2026 Bu oturumda yerli otomobil ve sa\u011fl\u0131k sekt\u00f6rlerini Sanayi 4.0 ba\u011flam\u0131nda tart\u0131\u015fmaya a\u00e7\u0131yoruz.<\/p>\n<p><strong>Moderat\u00f6r<\/strong><\/p>\n<table border=\"0\" width=\"100%\" cellspacing=\"0\" cellpadding=\"0\">\n<tbody>\n<tr class=\"icerik_text\">\n<td>\n<div class=\"foto_container\">\n<div class=\"foto_1\"><img loading=\"lazy\" decoding=\"async\" src=\"..\/foto\/rahmi-aktepe.jpg\" alt=\"ilker-tabak\" width=\"65\" height=\"80\" \/><\/div>\n<div class=\"foto_text\">Rahmi Aktepe, TBD Y\u00fcksek \u0130sti\u015fare Kurulu Ba\u015fkan\u0131<\/div>\n<\/div>\n<\/td>\n<\/tr>\n<\/tbody>\n<\/table>\n<\/div>\n<\/div>\n<div class=\"icerik\">\n<div class=\"icerik_text\"><!--<span>\nBilginin anl\u0131k de\u011ferlendirilerek ve i\u015flenerek her alanda verimlili\u011fin art\u0131r\u0131lmas\u0131ndan, b\u00fcy\u00fck verilerin birle\u015ferek yeni katma de\u011ferler yaratacak yepyeni verileri olu\u015fturmas\u0131 d\u00f6nemine gidiyoruz. B\u00fcy\u00fck \u015firketlerden, devletlere kadar t\u00fcm kurumsal yap\u0131lar b\u00fcy\u00fck verinin cazibe alan\u0131na girecek. T\u00fcrkiye\u2019 de B\u00fcy\u00fck Veri\u2019 nin gelece\u011fi ne olacak, Kamu\u2019 nun bu konuda gelecek \u00f6ng\u00f6r\u00fcleri ve haz\u0131rl\u0131klar\u0131 nelerdir?\n<\/span>--><\/div>\n<div class=\"icerik\" style=\"position: relative;\">\n<p><!--\n\n\n<div style=\"position: absolute; left: -72px; top: -20px; z-index:10000 !important;\"><img loading=\"lazy\" decoding=\"async\" style=\"z-index:10000 !important;\" src=\"images\/broaderway.png\" width=\"144\" height=\"115\" alt=\"broaderway\" \/><\/div>\n\n\n--><\/p>\n<div class=\"icerik_text\" style=\"padding-left: 0px;\">\n<p><strong>Yerli Otomobilde Dijital Teknoloji <\/strong><br \/>\n<strong>Konu\u015fmac\u0131lar <\/strong><\/p>\n<table border=\"0\" width=\"100%\" cellspacing=\"0\" cellpadding=\"0\">\n<tbody>\n<tr>\n<td>\n<div class=\"foto_container\">\n<div class=\"foto_1\"><img loading=\"lazy\" decoding=\"async\" src=\"..\/foto\/tunc-ozgul2.jpg\" alt=\"ilker-tabak\" width=\"65\" height=\"80\" \/><\/div>\n<div class=\"foto_text\"><span style=\"padding-left: 0px;\">Tun\u00e7 \u00d6zg\u00fcl, Intel Genel M\u00fcd\u00fcr Yrd.<\/span><\/div>\n<\/div>\n<\/td>\n<\/tr>\n<\/tbody>\n<\/table>\n<\/div>\n<\/div>\n<div style=\"font-size: 8px; color: #999; padding: 8px 0 0 5px;\"><\/div>\n<\/div>\n<div class=\"icerik\">\n<div class=\"icerik_text\"><!--<span>\nBilginin anl\u0131k de\u011ferlendirilerek ve i\u015flenerek her alanda verimlili\u011fin art\u0131r\u0131lmas\u0131ndan, b\u00fcy\u00fck verilerin birle\u015ferek yeni katma de\u011ferler yaratacak yepyeni verileri olu\u015fturmas\u0131 d\u00f6nemine gidiyoruz. B\u00fcy\u00fck \u015firketlerden, devletlere kadar t\u00fcm kurumsal yap\u0131lar b\u00fcy\u00fck verinin cazibe alan\u0131na girecek. T\u00fcrkiye\u2019 de B\u00fcy\u00fck Veri\u2019 nin gelece\u011fi ne olacak, Kamu\u2019 nun bu konuda gelecek \u00f6ng\u00f6r\u00fcleri ve haz\u0131rl\u0131klar\u0131 nelerdir?\n<\/span>--><\/div>\n<div class=\"icerik\" style=\"position: relative;\">\n<p><!--\n\n\n<div style=\"position: absolute; left: -72px; top: -20px; z-index:10000 !important;\"><img loading=\"lazy\" decoding=\"async\" style=\"z-index:10000 !important;\" src=\"images\/broaderway.png\" width=\"144\" height=\"115\" alt=\"broaderway\" \/><\/div>\n\n\n--><\/p>\n<div class=\"icerik_text\" style=\"padding-left: 0px;\">\n<p><strong>Sa\u011fl\u0131kta \u0130leri Teknoloji<br \/>\nKonu\u015fmac\u0131lar<\/strong><\/p>\n<table border=\"0\" width=\"99%\" cellspacing=\"0\" cellpadding=\"0\">\n<tbody>\n<tr>\n<td align=\"left\" valign=\"top\">\n<div class=\"icerik\">\n<div class=\"icerik_text\"><\/div>\n<div style=\"display: inline-block;\">\n<div class=\"foto_container\">\n<div class=\"foto_1\"><img loading=\"lazy\" decoding=\"async\" src=\"..\/foto\/erbil-oguz.jpg\" alt=\"ilker-tabak\" width=\"65\" height=\"80\" \/><\/div>\n<div class=\"foto_text\">Prof. Dr. Erbil O\u011fuz, GATA Met\u00fcm Ba\u015fkan\u0131<\/div>\n<\/div>\n<div style=\"display: inline-block;\">\n<div class=\"foto_container\">\n<div class=\"foto_1\"><img loading=\"lazy\" decoding=\"async\" src=\"..\/foto\/bahattin-koc.jpg\" alt=\"ilker-tabak\" width=\"65\" height=\"80\" \/><\/div>\n<div class=\"foto_text\">Do\u00e7. Dr. Bahattin Ko\u00e7, Sabanc\u0131 \u00dcniversitesi Nano Teknoloji Ara\u015ft\u0131rma ve Uygulama Merkezi \u00d6\u011fretim \u00dcyesi<\/div>\n<\/div>\n<div class=\"foto_container\">\n<div class=\"foto_1\"><img loading=\"lazy\" decoding=\"async\" src=\"..\/foto\/kemal-kaplan.jpg\" alt=\"ilker-tabak\" width=\"65\" height=\"80\" \/><\/div>\n<div class=\"foto_text\">Kemal Kaplan, Ac\u0131badem Sa\u011fl\u0131k Grubu Bilgi Teknolojileri Direkt\u00f6r\u00fc<\/div>\n<\/div>\n<\/div>\n<div><\/div>\n<\/div>\n<\/div>\n<p>&nbsp;<\/td>\n<\/tr>\n<\/tbody>\n<\/table>\n<\/div>\n<\/div>\n<div style=\"font-size: 8px; color: #999; padding: 8px 0 0 5px;\"><\/div>\n<\/div>\n<div style=\"font-size: 8px; color: #999; padding: 8px 0 0 5px;\"><\/div>\n<\/div>\n<\/div>\n<div class=\"pro\">\n<div class=\"baslik_satir\">\n<div class=\"baslik_saat\">16:00 &#8211; 16:45<\/div>\n<div class=\"baslik_icerik\">Rekabet Ortam\u0131nda Tak\u0131m \u00c7al\u0131\u015fmalar\u0131<\/div>\n<div class=\"baslik_salon\"><\/div>\n<\/div>\n<\/div>\n","protected":false},"excerpt":{"rendered":"<p>Program G\u00fcncellenmektedir. 25 Mart CUMA 2016 09:00 &#8211; 10:30 A\u00c7ILI\u015e konu\u015emalarI \u0130. \u0130lker Tabak, TBD Y\u00f6netim Kurulu Ba\u015fkan\u0131 Y\u00fccel Ba\u011fr\u0131a\u00e7\u0131k, Havelsan Siber G\u00fcvenlik ve Bili\u015fim Teknolojileri Genel M\u00fcd\u00fcr Yard\u0131mc\u0131s\u0131 Metin Cebeci, Karel \u0130\u015f Geli\u015ftirme Direkt\u00f6r\u00fc Ali Erhan Binici, Ekonomi Klub\u00fc Ba\u015fkan\u0131 M. \u0130hsan Ta\u015fer, M\u00fcsiad Bilgi Teknolojileri Sekt\u00f6r Kurulu Ba\u015fkan\u0131 Osman Av\u015faro\u011flu, Antalya Ticaret ve&nbsp;<\/p>\n<p><a class=\"btn btn-style\" href=\"http:\/\/bimy.org.tr\/bimy23\/program\/\">Continue Reading<\/a><\/p>\n","protected":false},"author":3,"featured_media":0,"parent":0,"menu_order":0,"comment_status":"closed","ping_status":"closed","template":"","meta":{"rs_blank_template":"","rs_page_bg_color":"","slide_template_v7":"","footnotes":""},"_links":{"self":[{"href":"http:\/\/bimy.org.tr\/bimy23\/wp-json\/wp\/v2\/pages\/1132"}],"collection":[{"href":"http:\/\/bimy.org.tr\/bimy23\/wp-json\/wp\/v2\/pages"}],"about":[{"href":"http:\/\/bimy.org.tr\/bimy23\/wp-json\/wp\/v2\/types\/page"}],"author":[{"embeddable":true,"href":"http:\/\/bimy.org.tr\/bimy23\/wp-json\/wp\/v2\/users\/3"}],"replies":[{"embeddable":true,"href":"http:\/\/bimy.org.tr\/bimy23\/wp-json\/wp\/v2\/comments?post=1132"}],"version-history":[{"count":104,"href":"http:\/\/bimy.org.tr\/bimy23\/wp-json\/wp\/v2\/pages\/1132\/revisions"}],"predecessor-version":[{"id":1329,"href":"http:\/\/bimy.org.tr\/bimy23\/wp-json\/wp\/v2\/pages\/1132\/revisions\/1329"}],"wp:attachment":[{"href":"http:\/\/bimy.org.tr\/bimy23\/wp-json\/wp\/v2\/media?parent=1132"}],"curies":[{"name":"wp","href":"https:\/\/api.w.org\/{rel}","templated":true}]}}