{"id":870,"date":"2016-03-12T20:50:57","date_gmt":"2016-03-12T18:50:57","guid":{"rendered":"http:\/\/bimy.org.tr\/?page_id=870"},"modified":"2017-03-10T20:45:04","modified_gmt":"2017-03-10T17:45:04","slug":"basin-bulteni","status":"publish","type":"page","link":"http:\/\/bimy.org.tr\/bimy23\/basin-bulteni\/","title":{"rendered":"Bas\u0131n B\u00fclteni"},"content":{"rendered":"<h3><a href=\"http:\/\/bimy.org.tr\" target=\"_blank\"><img loading=\"lazy\" decoding=\"async\" class=\"alignnone size-full wp-image-893\" src=\"http:\/\/bimy.org.tr\/wp-content\/uploads\/2016\/03\/240x1200.jpg\" alt=\"240x1200\" width=\"1200\" height=\"240\" srcset=\"http:\/\/bimy.org.tr\/bimy23\/wp-content\/uploads\/2016\/03\/240x1200.jpg 1200w, http:\/\/bimy.org.tr\/bimy23\/wp-content\/uploads\/2016\/03\/240x1200-300x60.jpg 300w, http:\/\/bimy.org.tr\/bimy23\/wp-content\/uploads\/2016\/03\/240x1200-768x154.jpg 768w, http:\/\/bimy.org.tr\/bimy23\/wp-content\/uploads\/2016\/03\/240x1200-1024x205.jpg 1024w\" sizes=\"(max-width: 1200px) 100vw, 1200px\" \/><\/a><\/h3>\n<p style=\"text-align: center;\"><strong>TBD B\u0130MY&#8217;23<br \/>\n24-27 Mart 2016 &#8211; Gloria Kongre Merkezi, Antalya<\/strong><\/p>\n<div class=\"page\" title=\"Page 1\">\n<div class=\"layoutArea\">\n<div class=\"column\">\n<h2 style=\"text-align: center;\"><span style=\"color: #ff0000;\">\u201cBili\u015fimle Kalk\u0131nmada SANAY\u0130 4.0\u201d<\/span><\/h2>\n<hr \/>\n<p style=\"text-align: center;\">\n<\/div>\n<\/div>\n<\/div>\n<h3 class=\"page\" style=\"text-align: center;\" title=\"Page 1\"><a href=\"http:\/\/bimy.org.tr\/bimy23\/basin-bulteni\/\" target=\"_blank\"><span style=\"color: #ff0000;\"><strong>B\u0130MY23 BASIN B\u00dcLTEN\u0130<\/strong><\/span><\/a><\/h3>\n<hr \/>\n<h2 style=\"text-align: center;\"><strong>B\u0130MY23\u2019te Bili\u015fimciler Sanayi 4.0\u2019\u0131 anlatacak<\/strong><\/h2>\n<p style=\"text-align: center;\"><strong>T\u00fcrkiye Bili\u015fim Derne\u011fi\u2019nin 24-27 Mart\u2019ta ger\u00e7ekle\u015ftirece\u011fi 23. B\u0130MY Seminerinde, kamu ve \u00f6zel sekt\u00f6r yetkilileriyle <span style=\"color: #ff0000;\">\u201cBili\u015fimle Kalk\u0131nmada Sanayi 4.0\u201d<\/span> konusu masaya yat\u0131r\u0131l\u0131yor.<\/strong><\/p>\n<p>Sayg\u0131de\u011fer Bas\u0131n Mensubu,<\/p>\n<p>T\u00fcrkiye Bili\u015fim Derne\u011fi\u2019nin (TBD) her y\u0131l d\u00fczenledi\u011fi geleneksel etkinliklerinden biri olan ve sekt\u00f6rde \u201cBahar Bulu\u015fmas\u0131\u201d olarak bilinen Bilgi \u0130\u015flem Merkezi Y\u00f6neticileri (B\u0130MY) Semineri <strong>24- 27 Mart 2016 tarihlerinde Gloria Golf Resort Kongre Merkezi, Antalya<\/strong>\u2019da yap\u0131lacak.<\/p>\n<p>TBD Ba\u015fkan\u0131 \u0130LKER TABAK, Bili\u015fim Sekt\u00f6r\u00fcnde \u00e7al\u0131\u015fan kamu ve \u00f6zel sekt\u00f6rdeki \u00fcst ve orta d\u00fczey y\u00f6neticilerin mesleki geli\u015fimi ve dayan\u0131\u015fmalar\u0131n\u0131 geli\u015ftirmek amac\u0131yla yap\u0131lan B\u0130MY\u2019nin bu y\u0131lki ana temas\u0131n\u0131n <strong>\u201cBili\u015fimle Kalk\u0131nmada Sanayi 4.0\u201d<\/strong> oldu\u011funu belirtti.<\/p>\n<p>B\u0130MY\u201923 etkinli\u011fi T.C. Bilim, Sanayi ve Teknoloji Bakanl\u0131\u011f\u0131, T.C. Ula\u015ft\u0131rma, Denizcilik ve Haberle\u015fme Bakanl\u0131\u011f\u0131 ile,\u00a0Bilgi Teknolojileri ve \u0130leti\u015fim Kurumu (BTK) ve Dijital T\u00fcrkiye Platformu taraf\u0131ndan destekleniyor.<\/p>\n<p>Etkinlik boyunca bir\u00e7ok konu\u015fma, panel ve oturumda Sanayi 4.0 uzmanlar taraf\u0131ndan ele al\u0131nacak. Sanayi 4.0 ile hayat\u0131m\u0131za girecek olan yeni trendleri, \u00e7al\u0131\u015fma modellerini, gelecekte bizi nelerin bekledi\u011fini birlikte \u00f6\u011frenece\u011fiz.<\/p>\n<p><b>Bilim, Sanayi ve Teknoloji Bakan\u0131 Say\u0131n F\u0130KR\u0130 I\u015eIK<\/b>\u2019\u0131n kat\u0131l\u0131mlar\u0131n\u0131n beklendi\u011fi etkinli\u011fe bili\u015fim, otomotiv, sa\u011fl\u0131k sekt\u00f6rlerinden ve kamudan \u00fcst d\u00fczey y\u00f6neticiler kat\u0131lacaklar.<\/p>\n<p><u><b>KONU\u015eMACILAR, OTURUMLAR<\/b><\/u><\/p>\n<p><strong>T\u00fcrkiye\u2019nin en b\u00fcy\u00fck \u201cMaker Hareketi\u201d B\u0130MY23\u2019te\u2026<\/strong><br \/>\n\u0130novasyonun ve \u00fcretimin yeniden topluma inmesini sa\u011flayan \u201cMaker Hareketi\u201dnin T\u00fcrkiye&#8217;deki en b\u00fcy\u00fck toplulu\u011fu Makers T\u00fcrkiye Kurucusu ONGUN TAN, e\u011fitimden sa\u011fl\u0131\u011fa, end\u00fcstriden sosyal hayata hareketin yaratt\u0131\u011f\u0131 d\u00f6n\u00fc\u015f\u00fcm\u00fcn\u00fc anlatacak ve ABD&#8217;de garajlardan gelen yenilik haberlerinin T\u00fcrkiye&#8217;den de \u00e7\u0131kabilece\u011fini vurgulayacak.<\/p>\n<p><strong>Mavi Yakal\u0131lar Robotla\u015facak m\u0131? Robotlar \u0130nsanlar\u0131n Yerine Ge\u00e7ecek mi?<\/strong><br \/>\nB\u0130MY\u201923 Etkinli\u011fi Y\u00fcr\u00fctme Kurulu Ba\u015fkan\u0131 KORAY \u00d6ZER, Ernst &amp; Young EMEIA B\u00f6lgesi Dijital Hizmetler Direkt\u00f6r\u00fc AHMET HASANBE\u015eEO\u011eLU\u2019nun oturumunda ;<\/p>\n<p style=\"padding-left: 30px;\">D\u00fcnya\u2019da ve\u00a0 T\u00fcrkiye\u2019de Sanayi 4.0\u2019\u0131n ekonomik etkisi ne kadar olacak?<br \/>\nT\u00fcrkiye \u00f6zellikle \u2018Additive Manufacturing\u2019 i\u00e7in \u20183D\u2019 merkez olabilir mi?<br \/>\nT\u00fcrkiye i\u00e7in verimlilik mi, azalan maliyetler mi yoksa yeni gelirler mi hedef olmal\u0131?<br \/>\nSanayi 4.1 , 4.2 ve 4.3 ger\u00e7ek faylar\u0131n olu\u015faca\u011f\u0131 D\u00fcnya\u2019da T\u00fcrk Yaz\u0131l\u0131m ve Donan\u0131m \u015firketleri i\u00e7in neler yaparsak ba\u015far\u0131l\u0131 oluruz?<\/p>\n<p>sorular\u0131n\u0131n bili\u015fimcilerle irdelenece\u011fini belirtti. Hasanbe\u015feo\u011flu ayr\u0131ca sanayi 4.1, 4.2 ve 4.3 ile hayat\u0131m\u0131za girecek yeni kavramlar\u0131 \u201cOperasyonel Teknolojilerin \u2013 IT ile Entegrasyonu \u201c, \u201cB\u00fcy\u00fck Veri, Analizler ve Makinelerin \u00d6\u011frenmesi\u201d ,\u201cDijital \u0130kiz Yeni \u0130\u015f Modeli\u201d, \u201cMavi Yakal\u0131lar\u0131n Robotla\u015fmas\u0131\u201d, \u201cRobotlar\u0131n \u0130nsanlar\u0131n Yerine Ge\u00e7mesi\u201d ve \u201cGiyilebilir Teknolojileri\u201d ele alarak gelece\u011fin nas\u0131l \u015fekillenece\u011fini anlatacak.<\/p>\n<p><strong>Sanayi 4.0 Ulusal F\u0131rsat Pencereleri<\/strong><br \/>\nSanayi 4.0\u2019\u0131n \u00f6ne \u00e7\u0131kan \u00f6zelliklerini ba\u015fta savunma sanayi, tekstil, enerji, e\u011fitim ve makine sekt\u00f6rlerinde olmak \u00fczere tart\u0131\u015f\u0131p, \u00fclkemizin k\u00fcresel de\u011fer zincirlerine entegrasyonundaki yeni f\u0131rsatlar\u0131n konu\u015fulaca\u011f\u0131 \u201cSanayi 4.0 Ulusal F\u0131rsat Pencereleri\u201d oturumuna Siemens T\u00fcrkiye Genel M\u00fcd\u00fcr\u00fc AL\u0130 RIZA ERSOY, GE T\u00fcrkiye Stratejik Yat\u0131r\u0131mlar, K\u00fcresel B\u00fcy\u00fcme &amp; Ortado\u011fu, Kuzey Afrika ve T\u00fcrkiye Operasyonlar\u0131 \u0130cra Direkt\u00f6r\u00fc ERDO\u011eAN \u00c7E\u015eMEL\u0130 ve Bites CEO\u2019su U\u011eUR CO\u015eKUN kat\u0131lacaklar.<\/p>\n<p><strong>G\u00f6rme Engelliler i\u00e7in Ak\u0131ll\u0131 Telefon : \u201ctactiX\u201d<\/strong><br \/>\nSakarya \u00dcniversitesi E\u011fitim Fak\u00fcltesi Bilgisayar ve \u00d6\u011fretim Teknolojileri E\u011fitimi B\u00f6l\u00fcm\u00fc 3\u2019nc\u00fc s\u0131n\u0131f \u00f6\u011frencilerinden U\u011eUR CAN BASTIK, g\u00f6rme engellilerin kullan\u0131m\u0131 i\u00e7in tasarlanan ve 2015 Gen\u00e7 Yenilik\u00e7iler Yar\u0131\u015fmas\u0131\u2019nda (Young Innovators Competition)\u00a0 birincilik \u00f6d\u00fcl\u00fc alan ak\u0131ll\u0131 telefon \u201ctactiX\u201d projesini anlatacak. Proje g\u00f6rme engellilerin hayat\u0131nda b\u00fcy\u00fck kolayl\u0131klar sa\u011flamakla birlikte gen\u00e7 giri\u015fimci U\u011fur Can Bast\u0131k\u2019\u0131n projesi teknoloji alan\u0131nda yenilik\u00e7i \u00e7al\u0131\u015fmalar\u0131 olan gen\u00e7lere \u00f6rnek olacak gibi.<\/p>\n<p><strong>Neyi Yapmal\u0131, Neyi Yapmamal\u0131? <\/strong><br \/>\nT\u00fcrkiye Teknoloji Geli\u015ftirme Vakf\u0131\u00a0 (TTGV) Ba\u015fkan\u0131 CENG\u0130Z ULTAV, Sanayi 4.0 ba\u011flam\u0131nda \u00fclke kalk\u0131nma hedeflerine ula\u015fmada yapmam\u0131z ve yapmamam\u0131z gerekenleri \u201cNeyi Yapmal\u0131, Neyi Yapmamal\u0131?\u201d oturumda masaya yat\u0131racak.<\/p>\n<p><strong>\u015eimdi Hareket Zaman\u0131!<\/strong><br \/>\n\u015eimdi Hareket Zaman\u0131! diyoruz ve bizi gelece\u011fe ta\u015f\u0131yacak sekt\u00f6rlerden birisi olan sa\u011fl\u0131k sekt\u00f6r\u00fcn\u00fc Sanayi 4.0 ba\u011flam\u0131nda tart\u0131\u015fmaya a\u00e7\u0131yoruz. \u201c\u015eimdi Hareket Zaman\u0131\u201d oturumunda Sabanc\u0131 \u00dcniversitesi Nano Teknoloji Ara\u015ft\u0131rma ve Uygulama Merkezi \u00d6\u011fretim \u00dcyesi Do\u00e7. Dr. BAHATT\u0130N KO\u00c7 ve Ac\u0131badem Sa\u011fl\u0131k Grubu Bilgi Teknolojileri Direkt\u00f6r\u00fc KEMAL KAPLAN sa\u011fl\u0131k sekt\u00f6r\u00fcndeki yenilikleri bizlerle payla\u015facaklar.<\/p>\n<p><strong>Nano Teknolojik Ara\u015ft\u0131rmalar<\/strong><br \/>\nAt\u0131l\u0131m \u00dcniversitesi Metalurji ve Malzeme M\u00fchendisli\u011fi B\u00f6l\u00fcm\u00fc \u00f6\u011fretim \u00fcyesi Yrd. Do\u00e7. Dr. G\u00d6KSEL DURKAYA yo\u011fun Ar-Ge \u00e7al\u0131\u015fmalar\u0131 do\u011frultusunda Nano Teknolojik Ara\u015ft\u0131rmalar\u0131n\u0131 anlatacak.<\/p>\n<p>Sayg\u0131de\u011fer Bas\u0131n\u0131m\u0131z\u0131n ilgi ve deste\u011fini bekler, Sayg\u0131lar Sunar\u0131z.<\/p>\n<p><strong>\u0130. \u0130lker TABAK<\/strong><\/p>\n<p><strong>T\u00fcrkiye Bili\u015fim Derne\u011fi<\/strong><\/p>\n<p><strong>Y\u00f6netim Kurulu Ba\u015fkan\u0131<\/strong><\/p>\n<hr \/>\n<p><strong>TBD B\u0130MY23 Program ve Oturumlar :<\/strong><\/p>\n<p>Ayr\u0131nt\u0131l\u0131 Program\u00a0\u00a0\u00a0\u00a0\u00a0\u00a0 \u00a0 : <a href=\"http:\/\/bimy.org.tr\/bimy23\/program\/\" target=\"_blank\">bimy.org.tr\/bimy23\/program<\/a><\/p>\n<p>Oturumlar G\u00f6rselleri\u00a0 : <a href=\"http:\/\/bimy.org.tr\/bimy23\/oturumlar\/\" target=\"_blank\">bimy.org.tr\/bimy23\/oturumlar<\/a><\/p>\n<p>Afi\u015f\/Poster\/G\u00f6rseller : <a href=\"http:\/\/bimy.org.tr\/bimy23\/gorseller\/\" target=\"_blank\">bimy.org.tr\/bimy23\/gorseller<\/a><\/p>\n<p>B\u0130MY23\u2019e ili\u015fkin di\u011fer ayr\u0131nt\u0131lara <a href=\"http:\/\/www.bimy.org.tr\/bimy23\" target=\"_blank\">www.bimy.org.tr\/bimy23<\/a>\u00a0 adresinden ula\u015fabilirsiniz.<\/p>\n<hr \/>\n<p><strong>B\u0130MY ve TBD SOSYAL MEDYA Hesaplar\u0131 :<\/strong><\/p>\n<p><img loading=\"lazy\" decoding=\"async\" class=\"alignnone size-full wp-image-2878\" src=\"http:\/\/www.bilisim.org.tr\/bilisim2015\/wp-content\/uploads\/2015\/11\/facee.png\" alt=\"facee\" width=\"40\" height=\"40\" \/> <strong>B\u0130MY :<\/strong> <a href=\"http:\/\/facebook.com\/TBDbimy\" target=\"_blank\">facebook.com\/TBDbimy<\/a>\u00a0 <strong>TBD :<\/strong> <a href=\"http:\/\/facebook.com\/TurkiyeBilisimDernegi\" target=\"_blank\">facebook.com\/TurkiyeBilisimDernegi<\/a><br \/>\n<img loading=\"lazy\" decoding=\"async\" class=\"alignnone size-full wp-image-2877\" src=\"http:\/\/www.bilisim.org.tr\/bilisim2015\/wp-content\/uploads\/2015\/11\/twitt.png\" alt=\"twitt\" width=\"40\" height=\"40\" \/> <strong>B\u0130MY :\u00a0<\/strong> <a href=\"http:\/\/twitter.com\/TBDbimy\" target=\"_blank\">twitter.com\/TBDbimy<\/a>\u00a0\u00a0 \u00a0 \u00a0<strong> TBD :<\/strong> <a href=\"http:\/\/twitter.com\/TBDmerkez\" target=\"_blank\">twitter.com\/TBDmerkez<\/a><\/p>\n<hr \/>\n<p><strong>B\u0130MY23 SOSYAL MEDYA Takip Etiketleri :<\/strong> #TBDbimy \u00a0 \u00a0 #TBDbimy23<\/p>\n<p><img loading=\"lazy\" decoding=\"async\" class=\"alignnone size-full wp-image-2878\" src=\"http:\/\/www.bilisim.org.tr\/bilisim2015\/wp-content\/uploads\/2015\/11\/facee.png\" alt=\"facee\" width=\"40\" height=\"40\" \/> <a href=\"https:\/\/www.facebook.com\/#TBDbimy\" target=\"_blank\">facebook.com\/#TBDbimy<\/a>\u00a0 <a href=\"https:\/\/www.facebook.com\/#TBDbimy23\" target=\"_blank\">facebook.com\/#TBDbimy23<\/a><\/p>\n<p><img loading=\"lazy\" decoding=\"async\" class=\"alignnone size-full wp-image-2877\" src=\"http:\/\/www.bilisim.org.tr\/bilisim2015\/wp-content\/uploads\/2015\/11\/twitt.png\" alt=\"twitt\" width=\"40\" height=\"40\" \/> <a href=\"https:\/\/twitter.com\/#TBDbimy\" target=\"_blank\">twitter.com\/#TBDbimy<\/a>\u00a0 <a href=\"https:\/\/twitter.com\/#TBDbimy23\" target=\"_blank\">twitter.com\/#TBDbimy23 <\/a><\/p>\n<hr \/>\n<h3><img loading=\"lazy\" decoding=\"async\" class=\"alignnone size-large wp-image-887\" src=\"http:\/\/bimy.org.tr\/bimy23\/wp-content\/uploads\/2016\/03\/1660x1300-1024x802.jpg\" alt=\"1660x1300\" width=\"1024\" height=\"802\" srcset=\"http:\/\/bimy.org.tr\/bimy23\/wp-content\/uploads\/2016\/03\/1660x1300-1024x802.jpg 1024w, http:\/\/bimy.org.tr\/bimy23\/wp-content\/uploads\/2016\/03\/1660x1300-300x235.jpg 300w, http:\/\/bimy.org.tr\/bimy23\/wp-content\/uploads\/2016\/03\/1660x1300-768x601.jpg 768w, http:\/\/bimy.org.tr\/bimy23\/wp-content\/uploads\/2016\/03\/1660x1300.jpg 1660w\" sizes=\"(max-width: 1024px) 100vw, 1024px\" \/><\/h3>\n<div id=\"s3gt_translate_tooltip\" class=\"s3gt_translate_tooltip\" style=\"position: absolute; left: 303px; top: 853px; opacity: 0.85;\"><\/div>\n","protected":false},"excerpt":{"rendered":"<p>TBD B\u0130MY&#8217;23 24-27 Mart 2016 &#8211; Gloria Kongre Merkezi, Antalya \u201cBili\u015fimle Kalk\u0131nmada SANAY\u0130 4.0\u201d B\u0130MY23 BASIN B\u00dcLTEN\u0130 B\u0130MY23\u2019te Bili\u015fimciler Sanayi 4.0\u2019\u0131 anlatacak T\u00fcrkiye Bili\u015fim Derne\u011fi\u2019nin 24-27 Mart\u2019ta ger\u00e7ekle\u015ftirece\u011fi 23. B\u0130MY Seminerinde, kamu ve \u00f6zel sekt\u00f6r yetkilileriyle \u201cBili\u015fimle Kalk\u0131nmada Sanayi 4.0\u201d konusu masaya yat\u0131r\u0131l\u0131yor. Sayg\u0131de\u011fer Bas\u0131n Mensubu, T\u00fcrkiye Bili\u015fim Derne\u011fi\u2019nin (TBD) her y\u0131l d\u00fczenledi\u011fi geleneksel etkinliklerinden&nbsp;<\/p>\n<p><a class=\"btn btn-style\" href=\"http:\/\/bimy.org.tr\/bimy23\/basin-bulteni\/\">Continue Reading<\/a><\/p>\n","protected":false},"author":2,"featured_media":0,"parent":0,"menu_order":0,"comment_status":"closed","ping_status":"closed","template":"","meta":{"rs_blank_template":"","rs_page_bg_color":"","slide_template_v7":"","footnotes":""},"_links":{"self":[{"href":"http:\/\/bimy.org.tr\/bimy23\/wp-json\/wp\/v2\/pages\/870"}],"collection":[{"href":"http:\/\/bimy.org.tr\/bimy23\/wp-json\/wp\/v2\/pages"}],"about":[{"href":"http:\/\/bimy.org.tr\/bimy23\/wp-json\/wp\/v2\/types\/page"}],"author":[{"embeddable":true,"href":"http:\/\/bimy.org.tr\/bimy23\/wp-json\/wp\/v2\/users\/2"}],"replies":[{"embeddable":true,"href":"http:\/\/bimy.org.tr\/bimy23\/wp-json\/wp\/v2\/comments?post=870"}],"version-history":[{"count":26,"href":"http:\/\/bimy.org.tr\/bimy23\/wp-json\/wp\/v2\/pages\/870\/revisions"}],"predecessor-version":[{"id":1334,"href":"http:\/\/bimy.org.tr\/bimy23\/wp-json\/wp\/v2\/pages\/870\/revisions\/1334"}],"wp:attachment":[{"href":"http:\/\/bimy.org.tr\/bimy23\/wp-json\/wp\/v2\/media?parent=870"}],"curies":[{"name":"wp","href":"https:\/\/api.w.org\/{rel}","templated":true}]}}